{"id":791,"date":"2023-11-17T12:21:34","date_gmt":"2023-11-17T11:21:34","guid":{"rendered":"https:\/\/eltrosdelarambla.con2webs.es\/politique-de-confidentialite\/"},"modified":"2025-02-27T09:39:31","modified_gmt":"2025-02-27T08:39:31","slug":"politique-de-confidentialite","status":"publish","type":"page","link":"https:\/\/pocaxsolta.com\/fr\/politique-de-confidentialite\/","title":{"rendered":"Politique de confidentialit\u00e9"},"content":{"rendered":"<style>.wp-block-kadence-advancedheading.kt-adv-heading502_69bf44-e0, .wp-block-kadence-advancedheading.kt-adv-heading502_69bf44-e0[data-kb-block=\"kb-adv-heading502_69bf44-e0\"]{font-style:normal;}.wp-block-kadence-advancedheading.kt-adv-heading502_69bf44-e0 mark.kt-highlight, .wp-block-kadence-advancedheading.kt-adv-heading502_69bf44-e0[data-kb-block=\"kb-adv-heading502_69bf44-e0\"] mark.kt-highlight{font-style:normal;color:#f76a0c;-webkit-box-decoration-break:clone;box-decoration-break:clone;padding-top:0px;padding-right:0px;padding-bottom:0px;padding-left:0px;}.wp-block-kadence-advancedheading.kt-adv-heading502_69bf44-e0 img.kb-inline-image, .wp-block-kadence-advancedheading.kt-adv-heading502_69bf44-e0[data-kb-block=\"kb-adv-heading502_69bf44-e0\"] img.kb-inline-image{width:150px;vertical-align:baseline;}<\/style>\n<h1 class=\"kt-adv-heading502_69bf44-e0 wp-block-kadence-advancedheading has-theme-palette-1-color has-text-color\" data-kb-block=\"kb-adv-heading502_69bf44-e0\">Politique de confidentialit\u00e9<\/h1>\n<style>.wp-block-kadence-advancedheading.kt-adv-heading502_8e390c-53, .wp-block-kadence-advancedheading.kt-adv-heading502_8e390c-53[data-kb-block=\"kb-adv-heading502_8e390c-53\"]{font-style:normal;}.wp-block-kadence-advancedheading.kt-adv-heading502_8e390c-53 mark.kt-highlight, .wp-block-kadence-advancedheading.kt-adv-heading502_8e390c-53[data-kb-block=\"kb-adv-heading502_8e390c-53\"] mark.kt-highlight{font-style:normal;color:#f76a0c;-webkit-box-decoration-break:clone;box-decoration-break:clone;padding-top:0px;padding-right:0px;padding-bottom:0px;padding-left:0px;}.wp-block-kadence-advancedheading.kt-adv-heading502_8e390c-53 img.kb-inline-image, .wp-block-kadence-advancedheading.kt-adv-heading502_8e390c-53[data-kb-block=\"kb-adv-heading502_8e390c-53\"] img.kb-inline-image{width:150px;vertical-align:baseline;}<\/style>\n<h4 class=\"kt-adv-heading502_8e390c-53 wp-block-kadence-advancedheading\" data-kb-block=\"kb-adv-heading502_8e390c-53\">Responsable du traitement des donn\u00e9es<\/h4>\n\n<p class=\"wp-block-paragraph\">LA POMADA, S.L. B05334727, dont l&rsquo;adresse est Pla\u00e7a Reial, 3, 08002, Barcelone T\u00e9l\u00e9phone 619128603 et courrier admin@gruplapomada.com<\/p>\n<style>.wp-block-kadence-advancedheading.kt-adv-heading502_dc691f-9c, .wp-block-kadence-advancedheading.kt-adv-heading502_dc691f-9c[data-kb-block=\"kb-adv-heading502_dc691f-9c\"]{font-style:normal;}.wp-block-kadence-advancedheading.kt-adv-heading502_dc691f-9c mark.kt-highlight, .wp-block-kadence-advancedheading.kt-adv-heading502_dc691f-9c[data-kb-block=\"kb-adv-heading502_dc691f-9c\"] mark.kt-highlight{font-style:normal;color:#f76a0c;-webkit-box-decoration-break:clone;box-decoration-break:clone;padding-top:0px;padding-right:0px;padding-bottom:0px;padding-left:0px;}.wp-block-kadence-advancedheading.kt-adv-heading502_dc691f-9c img.kb-inline-image, .wp-block-kadence-advancedheading.kt-adv-heading502_dc691f-9c[data-kb-block=\"kb-adv-heading502_dc691f-9c\"] img.kb-inline-image{width:150px;vertical-align:baseline;}<\/style>\n<h4 class=\"kt-adv-heading502_dc691f-9c wp-block-kadence-advancedheading\" data-kb-block=\"kb-adv-heading502_dc691f-9c\">Objectif<\/h4>\n\n<p class=\"wp-block-paragraph\">L&rsquo;objectif de la cr\u00e9ation, de l&rsquo;existence et de la maintenance est le traitement des donn\u00e9es dans le seul but de pouvoir rendre notre service efficace et d&rsquo;en effectuer la facturation.<\/p>\n<style>.wp-block-kadence-advancedheading.kt-adv-heading502_b161dc-a0, .wp-block-kadence-advancedheading.kt-adv-heading502_b161dc-a0[data-kb-block=\"kb-adv-heading502_b161dc-a0\"]{font-style:normal;}.wp-block-kadence-advancedheading.kt-adv-heading502_b161dc-a0 mark.kt-highlight, .wp-block-kadence-advancedheading.kt-adv-heading502_b161dc-a0[data-kb-block=\"kb-adv-heading502_b161dc-a0\"] mark.kt-highlight{font-style:normal;color:#f76a0c;-webkit-box-decoration-break:clone;box-decoration-break:clone;padding-top:0px;padding-right:0px;padding-bottom:0px;padding-left:0px;}.wp-block-kadence-advancedheading.kt-adv-heading502_b161dc-a0 img.kb-inline-image, .wp-block-kadence-advancedheading.kt-adv-heading502_b161dc-a0[data-kb-block=\"kb-adv-heading502_b161dc-a0\"] img.kb-inline-image{width:150px;vertical-align:baseline;}<\/style>\n<h4 class=\"kt-adv-heading502_b161dc-a0 wp-block-kadence-advancedheading\" data-kb-block=\"kb-adv-heading502_b161dc-a0\">L\u00e9gitimation<\/h4>\n\n<p class=\"wp-block-paragraph\">La base juridique du traitement de vos donn\u00e9es est l&rsquo;ex\u00e9cution du service entre la personne concern\u00e9e et le responsable du traitement et ces informations personnelles seront conserv\u00e9es aussi longtemps que le service est fourni ou aussi longtemps que cela est strictement n\u00e9cessaire pour se conformer aux obligations l\u00e9gales.<\/p>\n<style>.wp-block-kadence-advancedheading.kt-adv-heading502_942c46-ec, .wp-block-kadence-advancedheading.kt-adv-heading502_942c46-ec[data-kb-block=\"kb-adv-heading502_942c46-ec\"]{font-style:normal;}.wp-block-kadence-advancedheading.kt-adv-heading502_942c46-ec mark.kt-highlight, .wp-block-kadence-advancedheading.kt-adv-heading502_942c46-ec[data-kb-block=\"kb-adv-heading502_942c46-ec\"] mark.kt-highlight{font-style:normal;color:#f76a0c;-webkit-box-decoration-break:clone;box-decoration-break:clone;padding-top:0px;padding-right:0px;padding-bottom:0px;padding-left:0px;}.wp-block-kadence-advancedheading.kt-adv-heading502_942c46-ec img.kb-inline-image, .wp-block-kadence-advancedheading.kt-adv-heading502_942c46-ec[data-kb-block=\"kb-adv-heading502_942c46-ec\"] img.kb-inline-image{width:150px;vertical-align:baseline;}<\/style>\n<h4 class=\"kt-adv-heading502_942c46-ec wp-block-kadence-advancedheading\" data-kb-block=\"kb-adv-heading502_942c46-ec\">Communications commerciales<\/h4>\n\n<p class=\"wp-block-paragraph\">De m\u00eame, et sur la base de votre consentement affirmatif et expr\u00e8s, vous nous autorisez \u00e0 vous envoyer par e-mail des informations commerciales sur nos services et nos nouveaut\u00e9s. Ce consentement peut \u00eatre r\u00e9voqu\u00e9 \u00e0 tout moment en envoyant un courrier \u00e9lectronique \u00e0 admin@gruplapomada.com.<\/p>\n<style>.wp-block-kadence-advancedheading.kt-adv-heading502_996217-df, .wp-block-kadence-advancedheading.kt-adv-heading502_996217-df[data-kb-block=\"kb-adv-heading502_996217-df\"]{font-style:normal;}.wp-block-kadence-advancedheading.kt-adv-heading502_996217-df mark.kt-highlight, .wp-block-kadence-advancedheading.kt-adv-heading502_996217-df[data-kb-block=\"kb-adv-heading502_996217-df\"] mark.kt-highlight{font-style:normal;color:#f76a0c;-webkit-box-decoration-break:clone;box-decoration-break:clone;padding-top:0px;padding-right:0px;padding-bottom:0px;padding-left:0px;}.wp-block-kadence-advancedheading.kt-adv-heading502_996217-df img.kb-inline-image, .wp-block-kadence-advancedheading.kt-adv-heading502_996217-df[data-kb-block=\"kb-adv-heading502_996217-df\"] img.kb-inline-image{width:150px;vertical-align:baseline;}<\/style>\n<h4 class=\"kt-adv-heading502_996217-df wp-block-kadence-advancedheading\" data-kb-block=\"kb-adv-heading502_996217-df\">P\u00e9riode de conservation<\/h4>\n\n<p class=\"wp-block-paragraph\"> Les donn\u00e9es fournies seront conserv\u00e9es aussi longtemps que le service est fourni ou aussi longtemps que n\u00e9cessaire pour se conformer aux obligations l\u00e9gales.<\/p>\n<style>.wp-block-kadence-advancedheading.kt-adv-heading502_c0a149-02, .wp-block-kadence-advancedheading.kt-adv-heading502_c0a149-02[data-kb-block=\"kb-adv-heading502_c0a149-02\"]{font-style:normal;}.wp-block-kadence-advancedheading.kt-adv-heading502_c0a149-02 mark.kt-highlight, .wp-block-kadence-advancedheading.kt-adv-heading502_c0a149-02[data-kb-block=\"kb-adv-heading502_c0a149-02\"] mark.kt-highlight{font-style:normal;color:#f76a0c;-webkit-box-decoration-break:clone;box-decoration-break:clone;padding-top:0px;padding-right:0px;padding-bottom:0px;padding-left:0px;}.wp-block-kadence-advancedheading.kt-adv-heading502_c0a149-02 img.kb-inline-image, .wp-block-kadence-advancedheading.kt-adv-heading502_c0a149-02[data-kb-block=\"kb-adv-heading502_c0a149-02\"] img.kb-inline-image{width:150px;vertical-align:baseline;}<\/style>\n<h4 class=\"kt-adv-heading502_c0a149-02 wp-block-kadence-advancedheading\" data-kb-block=\"kb-adv-heading502_c0a149-02\">Destinataires<\/h4>\n\n<p class=\"wp-block-paragraph\">LA POMADA, S.L. ne c\u00e9dera pas les donn\u00e9es \u00e0 des tiers pendant la dur\u00e9e du traitement des donn\u00e9es de l&rsquo;int\u00e9ress\u00e9, \u00e0 moins qu&rsquo;elle n&rsquo;y soit l\u00e9galement oblig\u00e9e.<\/p>\n\n<p class=\"wp-block-paragraph\">Dans les cas o\u00f9 les services de tiers sont utilis\u00e9s pour des traitements administratifs, fiscaux, comptables et\/ou commerciaux, le contrat obligatoire de traitement des donn\u00e9es est d\u00fbment formalis\u00e9 afin de garantir la s\u00e9curit\u00e9 et la confidentialit\u00e9 des donn\u00e9es de la personne concern\u00e9e \u00e0 l&rsquo;\u00e9gard des tiers.<\/p>\n<style>.wp-block-kadence-advancedheading.kt-adv-heading502_731b2c-18, .wp-block-kadence-advancedheading.kt-adv-heading502_731b2c-18[data-kb-block=\"kb-adv-heading502_731b2c-18\"]{font-style:normal;}.wp-block-kadence-advancedheading.kt-adv-heading502_731b2c-18 mark.kt-highlight, .wp-block-kadence-advancedheading.kt-adv-heading502_731b2c-18[data-kb-block=\"kb-adv-heading502_731b2c-18\"] mark.kt-highlight{font-style:normal;color:#f76a0c;-webkit-box-decoration-break:clone;box-decoration-break:clone;padding-top:0px;padding-right:0px;padding-bottom:0px;padding-left:0px;}.wp-block-kadence-advancedheading.kt-adv-heading502_731b2c-18 img.kb-inline-image, .wp-block-kadence-advancedheading.kt-adv-heading502_731b2c-18[data-kb-block=\"kb-adv-heading502_731b2c-18\"] img.kb-inline-image{width:150px;vertical-align:baseline;}<\/style>\n<h4 class=\"kt-adv-heading502_731b2c-18 wp-block-kadence-advancedheading\" data-kb-block=\"kb-adv-heading502_731b2c-18\">Droits de l&rsquo;homme<\/h4>\n\n<p class=\"wp-block-paragraph\">Les personnes concern\u00e9es ont le droit d&rsquo;acc\u00e9der \u00e0 leurs donn\u00e9es personnelles, de demander la rectification des donn\u00e9es inexactes ou, le cas \u00e9ch\u00e9ant, de demander leur suppression lorsque, entre autres raisons, les donn\u00e9es ne sont plus n\u00e9cessaires \u00e0 la finalit\u00e9 pour laquelle elles ont \u00e9t\u00e9 fournies, et de retirer le consentement donn\u00e9. L&rsquo;exercice du droit d&rsquo;opposition au traitement de vos donn\u00e9es pour l&rsquo;envoi d&rsquo;informations publicitaires par voie \u00e9lectronique. Vous pouvez \u00e9galement exercer votre droit \u00e0 la limitation du traitement, de sorte que vos donn\u00e9es ne seront pas supprim\u00e9es mais que leur traitement sera soumis \u00e0 des limitations.<\/p>\n\n<p class=\"wp-block-paragraph\">Les exercices de portabilit\u00e9 et d&rsquo;automatisation des d\u00e9cisions ne s&rsquo;appliquent pas dans ce cas en raison du type de donn\u00e9es et de leur traitement.<\/p>\n","protected":false},"excerpt":{"rendered":"<p>Politique de confidentialit\u00e9 Responsable du traitement des donn\u00e9es LA POMADA, S.L. B05334727, dont l&rsquo;adresse est Pla\u00e7a Reial, 3, 08002, Barcelone T\u00e9l\u00e9phone 619128603 et courrier admin@gruplapomada.com Objectif L&rsquo;objectif de la cr\u00e9ation, de l&rsquo;existence et de la maintenance est le traitement des donn\u00e9es dans le seul but de pouvoir rendre notre service efficace et d&rsquo;en effectuer la&#8230;<\/p>\n","protected":false},"author":1,"featured_media":0,"parent":0,"menu_order":0,"comment_status":"closed","ping_status":"closed","template":"","meta":{"_kad_blocks_custom_css":"","_kad_blocks_head_custom_js":"","_kad_blocks_body_custom_js":"","_kad_blocks_footer_custom_js":"","_kad_post_transparent":"disable","_kad_post_title":"hide","_kad_post_layout":"normal","_kad_post_sidebar_id":"","_kad_post_content_style":"boxed","_kad_post_vertical_padding":"show","_kad_post_feature":"","_kad_post_feature_position":"","_kad_post_header":false,"_kad_post_footer":false,"_kad_post_classname":"","_vp_format_video_url":"","_vp_image_focal_point":[],"footnotes":""},"class_list":["post-791","page","type-page","status-publish","hentry"],"taxonomy_info":[],"featured_image_src_large":false,"author_info":{"display_name":"admin","author_link":"https:\/\/pocaxsolta.com\/fr\/author\/empiezapori\/"},"comment_info":0,"_links":{"self":[{"href":"https:\/\/pocaxsolta.com\/fr\/wp-json\/wp\/v2\/pages\/791","targetHints":{"allow":["GET"]}}],"collection":[{"href":"https:\/\/pocaxsolta.com\/fr\/wp-json\/wp\/v2\/pages"}],"about":[{"href":"https:\/\/pocaxsolta.com\/fr\/wp-json\/wp\/v2\/types\/page"}],"author":[{"embeddable":true,"href":"https:\/\/pocaxsolta.com\/fr\/wp-json\/wp\/v2\/users\/1"}],"replies":[{"embeddable":true,"href":"https:\/\/pocaxsolta.com\/fr\/wp-json\/wp\/v2\/comments?post=791"}],"version-history":[{"count":3,"href":"https:\/\/pocaxsolta.com\/fr\/wp-json\/wp\/v2\/pages\/791\/revisions"}],"predecessor-version":[{"id":1409,"href":"https:\/\/pocaxsolta.com\/fr\/wp-json\/wp\/v2\/pages\/791\/revisions\/1409"}],"wp:attachment":[{"href":"https:\/\/pocaxsolta.com\/fr\/wp-json\/wp\/v2\/media?parent=791"}],"curies":[{"name":"wp","href":"https:\/\/api.w.org\/{rel}","templated":true}]}}